{"id":42101,"date":"2026-06-15T10:14:38","date_gmt":"2026-06-15T14:14:38","guid":{"rendered":"https:\/\/rightsindevelopment.org\/?page_id=42101"},"modified":"2026-08-05T07:25:39","modified_gmt":"2026-08-05T11:25:39","slug":"grupo-accion-hidrogeno","status":"publish","type":"page","link":"https:\/\/rightsindevelopment.org\/es\/grupo-accion-hidrogeno\/","title":{"rendered":"Latinoam\u00e9rica ya es verde: <\/br>Grupo de Acci\u00f3n sobre Hidr\u00f3geno"},"content":{"rendered":"<p>[et_pb_section fb_built=\u00bb1&#8243; fullwidth=\u00bbon\u00bb module_class=\u00bbinner_banner\u00bb _builder_version=\u00bb4.27.6&#8243; _module_preset=\u00bbdefault\u00bb background_color=\u00bb#00647D\u00bb background_enable_image=\u00bboff\u00bb locked=\u00bboff\u00bb global_colors_info=\u00bb{}\u00bb][et_pb_fullwidth_slider show_pagination=\u00bboff\u00bb admin_label=\u00bbBanner \u00bb _builder_version=\u00bb4.27.6&#8243; _module_preset=\u00bbdefault\u00bb content_max_width=\u00bb1320px\u00bb global_colors_info=\u00bb{}\u00bb][et_pb_slide heading=\u00bbLatinoam\u00e9rica ya es verde: Grupo de Acci\u00f3n<\/br>sobre Hidr\u00f3geno\u00bb _builder_version=\u00bb4.27.6&#8243; _module_preset=\u00bbab048f29-b158-4934-9067-0517ee0f6e9f\u00bb header_font=\u00bbOswald|500|||||||\u00bb background_color=\u00bb#00647D\u00bb background_enable_image=\u00bboff\u00bb custom_padding_phone=\u00bb40px||40px||true|false\u00bb global_colors_info=\u00bb{}\u00bb sticky_transition=\u00bbon\u00bb][\/et_pb_slide][\/et_pb_fullwidth_slider][\/et_pb_section][et_pb_section fb_built=\u00bb1&#8243; module_id=\u00bbCREBulletin\u00bb _builder_version=\u00bb4.27.6&#8243; _module_preset=\u00bbdefault\u00bb global_colors_info=\u00bb{}\u00bb][et_pb_row admin_label=\u00bbrow\u00bb module_class=\u00bbbutton_flex\u00bb _builder_version=\u00bb4.16&#8243; max_width=\u00bb1000px\u00bb locked=\u00bboff\u00bb global_colors_info=\u00bb{}\u00bb][et_pb_column type=\u00bb4_4&#8243; _builder_version=\u00bb4.16&#8243; custom_padding=\u00bb|||\u00bb global_colors_info=\u00bb{}\u00bb custom_padding__hover=\u00bb|||\u00bb][et_pb_button button_url=\u00bbhttps:\/\/rightsindevelopment.org\/wp-content\/uploads\/securepdfs\/Grupo-de-accion-hidrogeno-infografia.pdf\u00bb button_text=\u00bbInfograf\u00eda del grupo\u00bb admin_label=\u00bbButton &#8211; infograf\u00eda\u00bb _builder_version=\u00bb4.27.6&#8243; _module_preset=\u00bbdefault\u00bb global_colors_info=\u00bb{}\u00bb][\/et_pb_button][et_pb_button button_url=\u00bbhttps:\/\/geocomunes.org\/Visualizadores\/HidrogenoVerdeAL\/#\u00bb url_new_window=\u00bbon\u00bb button_text=\u00bbGeovisualizador de proyectos de hidr\u00f3geno en Am\u00e9rica Latina\u00bb admin_label=\u00bbButton &#8211; geovisualizador\u00bb _builder_version=\u00bb4.27.6&#8243; _module_preset=\u00bbdefault\u00bb global_colors_info=\u00bb{}\u00bb][\/et_pb_button][et_pb_button button_url=\u00bbhttps:\/\/rightsindevelopment.org\/es\/news\/documento-posicion-jet\/\u00bb url_new_window=\u00bbon\u00bb button_text=\u00bbDemandas de la Coalici\u00f3n para una transici\u00f3n energ\u00e9tica justa\u00bb admin_label=\u00bbButton &#8211; demandas TEJ\u00bb _builder_version=\u00bb4.27.6&#8243; _module_preset=\u00bbdefault\u00bb global_colors_info=\u00bb{}\u00bb][\/et_pb_button][et_pb_button button_url=\u00bbhttps:\/\/docs.google.com\/document\/d\/1hGvxg7og9uDxBxkwkWISl25frVSppxmrr2tPyvvYVsM\/edit?usp=sharing\u00bb url_new_window=\u00bbon\u00bb button_text=\u00bbKit narrativo sobre hidr\u00f3geno\u00bb admin_label=\u00bbkit narrativo button\u00bb _builder_version=\u00bb4.27.6&#8243; _module_preset=\u00bbdefault\u00bb global_colors_info=\u00bb{}\u00bb][\/et_pb_button][\/et_pb_column][\/et_pb_row][et_pb_row _builder_version=\u00bb4.27.6&#8243; _module_preset=\u00bbdefault\u00bb global_colors_info=\u00bb{}\u00bb][et_pb_column type=\u00bb4_4&#8243; _builder_version=\u00bb4.27.6&#8243; _module_preset=\u00bbdefault\u00bb global_colors_info=\u00bb{}\u00bb][et_pb_text admin_label=\u00bbText &#8211; sobre el grupo\u00bb _builder_version=\u00bb4.27.6&#8243; _module_preset=\u00bbdefault\u00bb global_colors_info=\u00bb{}\u00bb]<\/p>\n<p>&nbsp;<\/p>\n<p><span style=\"font-weight: 400;\">Frente a la amenaza que representan los proyectos de hidr\u00f3geno en Am\u00e9rica Latina, impulsados bajo el eslogan de la \u201ctransici\u00f3n energ\u00e9tica\u201d es fundamental fortalecer la articulaci\u00f3n entre organizaciones y comunidades de la regi\u00f3n. <\/span><span style=\"font-weight: 400;\">A trav\u00e9s del <\/span><span style=\"color: #000080;\"><strong><a style=\"color: #000080;\" href=\"https:\/\/rightsindevelopment.org\/es\/collective-work\/community-resource-exchange\/\">Intercambio de Recursos Comunitarios<\/a><\/strong><\/span><span style=\"font-weight: 400;\"> de la <\/span><span style=\"font-weight: 400;\">Coalici\u00f3n para los Derechos Humanos en el Desarrollo<\/span><span style=\"font-weight: 400;\"> se conform\u00f3 el<\/span> <b>Grupo de Acci\u00f3n sobre Hidr\u00f3geno <\/b><span style=\"font-weight: 400;\">llamado \u00abLatinoam\u00e9rica ya es verde\u00bb, una articulaci\u00f3n regional de organizaciones y comunidades que trabajan para visibilizar y enfrentar los impactos de los proyectos de hidr\u00f3geno llamados \u201cverde\u201d. En conjunto resisten a m\u00e1s de <strong>40 proyectos<\/strong> de hidr\u00f3geno en Chile, M\u00e9xico, Argentina y Uruguay.<\/span><\/p>\n<p><span style=\"font-weight: 400;\">El grupo est\u00e1 integrado por las siguientes organizaciones de la regi\u00f3n:<\/span><\/p>\n<ol>\n<li style=\"font-weight: 400;\" aria-level=\"1\"><strong><a href=\"https:\/\/www.instagram.com\/agua_es_vida.tbo\/\">Agua es Vida Tacuaremb\u00f3 <\/a><\/strong>(Uruguay)<\/li>\n<li style=\"font-weight: 400;\" aria-level=\"1\"><strong><a href=\"https:\/\/cohesioncomunitaria.org\/\">Cohesi\u00f3n Comunitaria e Innovaci\u00f3n Social A.C.\u2013 CCIS <\/a><\/strong>(M\u00e9xico)<\/li>\n<li style=\"font-weight: 400;\" aria-level=\"1\"><strong><a href=\"https:\/\/www.instagram.com\/feministaspatagoniarebelde\/\">Feministas de la Patagonia Rebelde<\/a> <\/strong>(Chile)<\/li>\n<li style=\"font-weight: 400;\" aria-level=\"1\"><strong><a href=\"https:\/\/www.instagram.com\/acueong\/\">Fundaci\u00f3n ACUE <\/a><\/strong>(Chile)<\/li>\n<li style=\"font-weight: 400;\" aria-level=\"1\"><strong><a href=\"https:\/\/cauceecologico.org\/\">Fundaci\u00f3n CAUCE <\/a><\/strong>(Argentina)<\/li>\n<li style=\"font-weight: 400;\" aria-level=\"1\"><strong><a href=\"https:\/\/fundaciontanti.org\/\">Fundaci\u00f3n Tanti<\/a> <\/strong>(Chile)<\/li>\n<li style=\"font-weight: 400;\" aria-level=\"1\"><strong><a href=\"https:\/\/geocomunes.org\/\">GeoComunes<\/a> <\/strong>(M\u00e9xico)<\/li>\n<li style=\"font-weight: 400;\" aria-level=\"1\"><strong><a href=\"https:\/\/www.instagram.com\/paysandu.soberano\/\">Paysand\u00fa Soberano <\/a><\/strong>(Uruguay)<\/li>\n<li style=\"font-weight: 400;\" aria-level=\"1\"><strong><a href=\"https:\/\/www.instagram.com\/sustentarse_ong\/\">Sustentarse<\/a><\/strong><span style=\"font-weight: 400;\"> (Chile)<\/span><\/li>\n<\/ol>\n<p>&nbsp;<\/p>\n<p>El grupo se conform\u00f3 con el objetivo de compartir saberes y experiencias entre los territorios afectados por el hidr\u00f3geno, identificar tendencias y actores en com\u00fan, <a href=\"https:\/\/docs.google.com\/document\/d\/1hGvxg7og9uDxBxkwkWISl25frVSppxmrr2tPyvvYVsM\/edit?usp=sharing\">construir narrativas<\/a> que combatan a las narrativas extractivistas da\u00f1inas y definir estrategias en conjunto que pueden ser utilizadas en acciones de incidencia.<\/p>\n<p>Una <a href=\"https:\/\/rightsindevelopment.org\/es\/collective-work\/justicia-climatica\/\">transici\u00f3n justa<\/a> debe priorizar el acceso comunitario al agua, proteger las cuencas y respetar los l\u00edmites ecol\u00f3gicos de los territorios poniendo por encima las personas y el planeta frente a la ganancia del sector privado, que instala sus proyectos extractivos sin consulta previa y sin beneficios para las poblaciones que habitan y viven de los territorios afectados.<\/p>\n<p>Las comunidades y organizaciones que conforman el grupo abogan por <strong>un mundo donde las personas deciden soberanamente sobre sus territorios<\/strong>. Exigen que el derecho de una consulta previa, informada y oportuna sea un requisito m\u00ednimo e ineludible antes de que se considere cualquier proyecto en un territorio. Las decisiones que afectan a las comunidades deben ser tomadas con ellas en el centro del proceso.<\/p>\n<p>&nbsp;<\/p>\n<p>[\/et_pb_text][\/et_pb_column][\/et_pb_row][et_pb_row _builder_version=\u00bb4.27.4&#8243; _module_preset=\u00bbdefault\u00bb locked=\u00bboff\u00bb global_colors_info=\u00bb{}\u00bb][et_pb_column type=\u00bb4_4&#8243; _builder_version=\u00bb4.27.4&#8243; _module_preset=\u00bbdefault\u00bb global_colors_info=\u00bb{}\u00bb][et_pb_text admin_label=\u00bbTitle grid\u00bb _builder_version=\u00bb4.27.6&#8243; _module_preset=\u00bbdefault\u00bb global_colors_info=\u00bb{}\u00bb]<\/p>\n<h4>\u00a0<\/h4>\n<h4>Actualizaciones<\/h4>\n<p>&nbsp;<\/p>\n<p>[\/et_pb_text][dpdfg_filtergrid custom_query=\u00bbadvanced\u00bb multiple_cpt=\u00bbpost,news,update,campaigns,did_reports\u00bb use_taxonomy_terms=\u00bbon\u00bb multiple_taxonomies=\u00bbpost_tag\u00bb taxonomies_relation=\u00bbAND\u00bb include_terms=\u00bb3168&#8243; post_number=\u00bb8&#8243; thumbnail_size=\u00bbdfg_full\u00bb use_overlay=\u00bboff\u00bb show_post_meta=\u00bboff\u00bb show_content=\u00bbon\u00bb truncate_content=\u00bb150&#8243; truncate_excerpt=\u00bbon\u00bb read_more=\u00bbon\u00bb show_filters=\u00bboff\u00bb bg_items=\u00bbRGBA(255,255,255,0)\u00bb module_class=\u00bbfilter_style_fix cre-blog\u00bb _builder_version=\u00bb4.27.6&#8243; _module_preset=\u00bbdefault\u00bb dpdfg_entry_title_font_size=\u00bb28px\u00bb dpdfg_search_font_size=\u00bb16px\u00bb dpdfg_dropdown_labels_text_color=\u00bb#002F3B\u00bb dpdfg_dropdown_labels_font_size=\u00bb16px\u00bb dpdfg_pagination_text_color=\u00bb#00647D\u00bb dpdfg_pagination_active_text_color=\u00bb#6ED2F0&#8243; background_enable_color=\u00bboff\u00bb custom_read_more_button=\u00bbon\u00bb read_more_button_text_size=\u00bb16px\u00bb read_more_button_text_color=\u00bb#00647D\u00bb read_more_button_bg_color=\u00bbRGBA(255,255,255,0)\u00bb read_more_button_use_icon=\u00bboff\u00bb read_more_button_alignment=\u00bbleft\u00bb read_more_button_custom_margin=\u00bb|0px||0px|false|true\u00bb read_more_button_custom_padding=\u00bb|0px||0px|false|true\u00bb dpdfg_entry_title_font_size_tablet=\u00bb24px\u00bb dpdfg_entry_title_font_size_phone=\u00bb20px\u00bb dpdfg_entry_title_font_size_last_edited=\u00bbon|desktop\u00bb dpdfg_search_font_size_tablet=\u00bb15px\u00bb dpdfg_search_font_size_phone=\u00bb14px\u00bb dpdfg_search_font_size_last_edited=\u00bbon|phone\u00bb dpdfg_dropdown_labels_font_size_tablet=\u00bb16px\u00bb dpdfg_dropdown_labels_font_size_phone=\u00bb14px\u00bb dpdfg_dropdown_labels_font_size_last_edited=\u00bbon|phone\u00bb border_width_all=\u00bb0px\u00bb global_colors_info=\u00bb{}\u00bb][\/dpdfg_filtergrid][\/et_pb_column][\/et_pb_row][\/et_pb_section][et_pb_section fb_built=\u00bb1&#8243; _builder_version=\u00bb4.27.6&#8243; _module_preset=\u00bbdefault\u00bb global_colors_info=\u00bb{}\u00bb][et_pb_row _builder_version=\u00bb4.27.6&#8243; _module_preset=\u00bbdefault\u00bb global_colors_info=\u00bb{}\u00bb][et_pb_column type=\u00bb4_4&#8243; _builder_version=\u00bb4.27.6&#8243; _module_preset=\u00bbdefault\u00bb global_colors_info=\u00bb{}\u00bb][et_pb_image src=\u00bbhttps:\/\/rightsindevelopment.org\/wp-content\/uploads\/Grupo-de-accion-hidrogeno-one-pager.png\u00bb alt=\u00bbGrupo de accio\u0301n hidro\u0301geno one pager\u00bb title_text=\u00bbGrupo de accio\u0301n hidro\u0301geno one pager\u00bb admin_label=\u00bbImage &#8211; infograf\u00eda del grupo\u00bb _builder_version=\u00bb4.27.6&#8243; _module_preset=\u00bbdefault\u00bb global_colors_info=\u00bb{}\u00bb][\/et_pb_image][et_pb_text admin_label=\u00bbspace\u00bb _builder_version=\u00bb4.27.6&#8243; _module_preset=\u00bbdefault\u00bb global_colors_info=\u00bb{}\u00bb]<\/p>\n<p><span style=\"color: #ffffff;\">XXXXXX<\/span><\/p>\n<p>[\/et_pb_text][et_pb_image src=\u00bbhttps:\/\/rightsindevelopment.org\/wp-content\/uploads\/LATINOAMERICA-YA-ES-VERDE-50-x-40-in-scaled.png\u00bb alt=\u00bbLATINOAME\u0301RICA YA ES VERDE (50 x 40 in)\u00bb title_text=\u00bbLATINOAME\u0301RICA YA ES VERDE (50 x 40 in)\u00bb admin_label=\u00bbgr\u00e1fico LAC ya es verde\u00bb _builder_version=\u00bb4.27.6&#8243; _module_preset=\u00bbdefault\u00bb global_colors_info=\u00bb{}\u00bb][\/et_pb_image][\/et_pb_column][\/et_pb_row][\/et_pb_section]<\/p>\n","protected":false},"excerpt":{"rendered":"<p>p\u00e1gina de Latinoam\u00e9rica ya es verde: Grupo de Acci\u00f3n sobre Hidr\u00f3geno<\/p>\n","protected":false},"author":34,"featured_media":41963,"parent":0,"menu_order":0,"comment_status":"closed","ping_status":"closed","template":"","meta":{"_acf_changed":false,"_et_pb_use_builder":"on","_et_pb_old_content":"","_et_gb_content_width":"","om_disable_all_campaigns":false,"_monsterinsights_skip_tracking":false,"footnotes":"","_links_to":"","_links_to_target":""},"class_list":["post-42101","page","type-page","status-publish","has-post-thumbnail","hentry"],"acf":[],"aioseo_notices":[],"aioseo_head":"\n\t\t<!-- All in One SEO 4.9.10 - aioseo.com -->\n\t<meta name=\"description\" content=\"p\u00e1gina de Latinoam\u00e9rica ya es verde: Grupo de Acci\u00f3n sobre Hidr\u00f3geno\" \/>\n\t<meta name=\"robots\" content=\"max-snippet:-1, max-image-preview:large, max-video-preview:-1\" \/>\n\t<link rel=\"canonical\" href=\"https:\/\/rightsindevelopment.org\/es\/grupo-accion-hidrogeno\/\" \/>\n\t<meta name=\"generator\" content=\"All in One SEO (AIOSEO) 4.9.10\" \/>\n\t\t<meta property=\"og:locale\" content=\"es_ES\" \/>\n\t\t<meta property=\"og:site_name\" content=\"The Coalition for Human Rights in Development\" \/>\n\t\t<meta property=\"og:type\" content=\"website\" \/>\n\t\t<meta property=\"og:title\" content=\"Latinoam\u00e9rica ya es verde: Grupo de Acci\u00f3n sobre Hidr\u00f3geno | The Coalition for Human Rights in Development\" \/>\n\t\t<meta property=\"og:description\" content=\"p\u00e1gina de Latinoam\u00e9rica ya es verde: Grupo de Acci\u00f3n sobre Hidr\u00f3geno\" \/>\n\t\t<meta property=\"og:url\" content=\"https:\/\/rightsindevelopment.org\/es\/grupo-accion-hidrogeno\/\" \/>\n\t\t<meta property=\"og:image\" content=\"https:\/\/rightsindevelopment.org\/wp-content\/uploads\/encuentro-chile-2026-hidrogeno-thumbnail.png\" \/>\n\t\t<meta property=\"og:image:secure_url\" content=\"https:\/\/rightsindevelopment.org\/wp-content\/uploads\/encuentro-chile-2026-hidrogeno-thumbnail.png\" \/>\n\t\t<meta property=\"og:image:width\" content=\"500\" \/>\n\t\t<meta property=\"og:image:height\" content=\"500\" \/>\n\t\t<meta name=\"twitter:card\" content=\"summary_large_image\" \/>\n\t\t<meta name=\"twitter:site\" content=\"@i\" \/>\n\t\t<meta name=\"twitter:title\" content=\"Latinoam\u00e9rica ya es verde: Grupo de Acci\u00f3n sobre Hidr\u00f3geno | The Coalition for Human Rights in Development\" \/>\n\t\t<meta name=\"twitter:description\" content=\"p\u00e1gina de Latinoam\u00e9rica ya es verde: Grupo de Acci\u00f3n sobre Hidr\u00f3geno\" \/>\n\t\t<meta name=\"twitter:creator\" content=\"@i\" \/>\n\t\t<meta name=\"twitter:image\" content=\"https:\/\/rightsindevelopment.org\/wp-content\/uploads\/encuentro-chile-2026-hidrogeno-thumbnail.png\" \/>\n\t\t<script type=\"application\/ld+json\" class=\"aioseo-schema\">\n\t\t\t{\"@context\":\"https:\\\/\\\/schema.org\",\"@graph\":[{\"@type\":\"BreadcrumbList\",\"@id\":\"https:\\\/\\\/rightsindevelopment.org\\\/es\\\/grupo-accion-hidrogeno\\\/#breadcrumblist\",\"itemListElement\":[{\"@type\":\"ListItem\",\"@id\":\"https:\\\/\\\/rightsindevelopment.org\\\/es\\\/#listItem\",\"position\":1,\"name\":\"Home\",\"item\":\"https:\\\/\\\/rightsindevelopment.org\\\/es\\\/\",\"nextItem\":{\"@type\":\"ListItem\",\"@id\":\"https:\\\/\\\/rightsindevelopment.org\\\/es\\\/grupo-accion-hidrogeno\\\/#listItem\",\"name\":\"Latinoam\\u00e9rica ya es verde: Grupo de Acci\\u00f3n sobre Hidr\\u00f3geno\"}},{\"@type\":\"ListItem\",\"@id\":\"https:\\\/\\\/rightsindevelopment.org\\\/es\\\/grupo-accion-hidrogeno\\\/#listItem\",\"position\":2,\"name\":\"Latinoam\\u00e9rica ya es verde: Grupo de Acci\\u00f3n sobre Hidr\\u00f3geno\",\"previousItem\":{\"@type\":\"ListItem\",\"@id\":\"https:\\\/\\\/rightsindevelopment.org\\\/es\\\/#listItem\",\"name\":\"Home\"}}]},{\"@type\":\"Organization\",\"@id\":\"https:\\\/\\\/rightsindevelopment.org\\\/es\\\/#organization\",\"name\":\"Rights in Development\",\"description\":\"Connecting people, Changing Development\",\"url\":\"https:\\\/\\\/rightsindevelopment.org\\\/es\\\/\",\"logo\":{\"@type\":\"ImageObject\",\"url\":\"https:\\\/\\\/rightsindevelopment.org\\\/wp-content\\\/uploads\\\/logo-long-en.png\",\"@id\":\"https:\\\/\\\/rightsindevelopment.org\\\/es\\\/grupo-accion-hidrogeno\\\/#organizationLogo\",\"width\":538,\"height\":77,\"caption\":\"Coalition logo ENG - long\"},\"image\":{\"@id\":\"https:\\\/\\\/rightsindevelopment.org\\\/es\\\/grupo-accion-hidrogeno\\\/#organizationLogo\"},\"sameAs\":[\"https:\\\/\\\/www.facebook.com\\\/RightsinDevt?fref=ts\",\"https:\\\/\\\/twitter.com\\\/i\\\/flow\\\/login?redirect_after_login=RightsinDevt\",\"https:\\\/\\\/www.instagram.com\\\/rightsindevelopment\\\/\",\"https:\\\/\\\/www.linkedin.com\\\/company\\\/coalition-human-rights-development\\\/\"]},{\"@type\":\"WebPage\",\"@id\":\"https:\\\/\\\/rightsindevelopment.org\\\/es\\\/grupo-accion-hidrogeno\\\/#webpage\",\"url\":\"https:\\\/\\\/rightsindevelopment.org\\\/es\\\/grupo-accion-hidrogeno\\\/\",\"name\":\"Latinoam\\u00e9rica ya es verde: Grupo de Acci\\u00f3n sobre Hidr\\u00f3geno | The Coalition for Human Rights in Development\",\"description\":\"p\\u00e1gina de Latinoam\\u00e9rica ya es verde: Grupo de Acci\\u00f3n sobre Hidr\\u00f3geno\",\"inLanguage\":\"es-ES\",\"isPartOf\":{\"@id\":\"https:\\\/\\\/rightsindevelopment.org\\\/es\\\/#website\"},\"breadcrumb\":{\"@id\":\"https:\\\/\\\/rightsindevelopment.org\\\/es\\\/grupo-accion-hidrogeno\\\/#breadcrumblist\"},\"image\":{\"@type\":\"ImageObject\",\"url\":\"https:\\\/\\\/rightsindevelopment.org\\\/wp-content\\\/uploads\\\/encuentro-chile-2026-hidrogeno-thumbnail.png\",\"@id\":\"https:\\\/\\\/rightsindevelopment.org\\\/es\\\/grupo-accion-hidrogeno\\\/#mainImage\",\"width\":500,\"height\":500,\"caption\":\"encuentro chile 2026 hidro\\u0301geno thumbnail\"},\"primaryImageOfPage\":{\"@id\":\"https:\\\/\\\/rightsindevelopment.org\\\/es\\\/grupo-accion-hidrogeno\\\/#mainImage\"},\"datePublished\":\"2026-06-15T10:14:38-04:00\",\"dateModified\":\"2026-08-05T07:25:39-04:00\"},{\"@type\":\"WebSite\",\"@id\":\"https:\\\/\\\/rightsindevelopment.org\\\/es\\\/#website\",\"url\":\"https:\\\/\\\/rightsindevelopment.org\\\/es\\\/\",\"name\":\"The Coalition for Human Rights in Development\",\"description\":\"Connecting people, Changing Development\",\"inLanguage\":\"es-ES\",\"publisher\":{\"@id\":\"https:\\\/\\\/rightsindevelopment.org\\\/es\\\/#organization\"}}]}\n\t\t<\/script>\n\t\t<!-- All in One SEO -->\n\n","aioseo_head_json":{"title":"Latinoam\u00e9rica ya es verde: Grupo de Acci\u00f3n sobre Hidr\u00f3geno | The Coalition for Human Rights in Development","description":"p\u00e1gina de Latinoam\u00e9rica ya es verde: Grupo de Acci\u00f3n sobre Hidr\u00f3geno","canonical_url":"https:\/\/rightsindevelopment.org\/es\/grupo-accion-hidrogeno\/","robots":"max-snippet:-1, max-image-preview:large, max-video-preview:-1","keywords":"","webmasterTools":{"miscellaneous":""},"schema":{"@context":"https:\/\/schema.org","@graph":[{"@type":"BreadcrumbList","@id":"https:\/\/rightsindevelopment.org\/es\/grupo-accion-hidrogeno\/#breadcrumblist","itemListElement":[{"@type":"ListItem","@id":"https:\/\/rightsindevelopment.org\/es\/#listItem","position":1,"name":"Home","item":"https:\/\/rightsindevelopment.org\/es\/","nextItem":{"@type":"ListItem","@id":"https:\/\/rightsindevelopment.org\/es\/grupo-accion-hidrogeno\/#listItem","name":"Latinoam\u00e9rica ya es verde: Grupo de Acci\u00f3n sobre Hidr\u00f3geno"}},{"@type":"ListItem","@id":"https:\/\/rightsindevelopment.org\/es\/grupo-accion-hidrogeno\/#listItem","position":2,"name":"Latinoam\u00e9rica ya es verde: Grupo de Acci\u00f3n sobre Hidr\u00f3geno","previousItem":{"@type":"ListItem","@id":"https:\/\/rightsindevelopment.org\/es\/#listItem","name":"Home"}}]},{"@type":"Organization","@id":"https:\/\/rightsindevelopment.org\/es\/#organization","name":"Rights in Development","description":"Connecting people, Changing Development","url":"https:\/\/rightsindevelopment.org\/es\/","logo":{"@type":"ImageObject","url":"https:\/\/rightsindevelopment.org\/wp-content\/uploads\/logo-long-en.png","@id":"https:\/\/rightsindevelopment.org\/es\/grupo-accion-hidrogeno\/#organizationLogo","width":538,"height":77,"caption":"Coalition logo ENG - long"},"image":{"@id":"https:\/\/rightsindevelopment.org\/es\/grupo-accion-hidrogeno\/#organizationLogo"},"sameAs":["https:\/\/www.facebook.com\/RightsinDevt?fref=ts","https:\/\/twitter.com\/i\/flow\/login?redirect_after_login=RightsinDevt","https:\/\/www.instagram.com\/rightsindevelopment\/","https:\/\/www.linkedin.com\/company\/coalition-human-rights-development\/"]},{"@type":"WebPage","@id":"https:\/\/rightsindevelopment.org\/es\/grupo-accion-hidrogeno\/#webpage","url":"https:\/\/rightsindevelopment.org\/es\/grupo-accion-hidrogeno\/","name":"Latinoam\u00e9rica ya es verde: Grupo de Acci\u00f3n sobre Hidr\u00f3geno | The Coalition for Human Rights in Development","description":"p\u00e1gina de Latinoam\u00e9rica ya es verde: Grupo de Acci\u00f3n sobre Hidr\u00f3geno","inLanguage":"es-ES","isPartOf":{"@id":"https:\/\/rightsindevelopment.org\/es\/#website"},"breadcrumb":{"@id":"https:\/\/rightsindevelopment.org\/es\/grupo-accion-hidrogeno\/#breadcrumblist"},"image":{"@type":"ImageObject","url":"https:\/\/rightsindevelopment.org\/wp-content\/uploads\/encuentro-chile-2026-hidrogeno-thumbnail.png","@id":"https:\/\/rightsindevelopment.org\/es\/grupo-accion-hidrogeno\/#mainImage","width":500,"height":500,"caption":"encuentro chile 2026 hidro\u0301geno thumbnail"},"primaryImageOfPage":{"@id":"https:\/\/rightsindevelopment.org\/es\/grupo-accion-hidrogeno\/#mainImage"},"datePublished":"2026-06-15T10:14:38-04:00","dateModified":"2026-08-05T07:25:39-04:00"},{"@type":"WebSite","@id":"https:\/\/rightsindevelopment.org\/es\/#website","url":"https:\/\/rightsindevelopment.org\/es\/","name":"The Coalition for Human Rights in Development","description":"Connecting people, Changing Development","inLanguage":"es-ES","publisher":{"@id":"https:\/\/rightsindevelopment.org\/es\/#organization"}}]},"og:locale":"es_ES","og:site_name":"The Coalition for Human Rights in Development","og:type":"website","og:title":"Latinoam\u00e9rica ya es verde: Grupo de Acci\u00f3n sobre Hidr\u00f3geno | The Coalition for Human Rights in Development","og:description":"p\u00e1gina de Latinoam\u00e9rica ya es verde: Grupo de Acci\u00f3n sobre Hidr\u00f3geno","og:url":"https:\/\/rightsindevelopment.org\/es\/grupo-accion-hidrogeno\/","og:image":"https:\/\/rightsindevelopment.org\/wp-content\/uploads\/encuentro-chile-2026-hidrogeno-thumbnail.png","og:image:secure_url":"https:\/\/rightsindevelopment.org\/wp-content\/uploads\/encuentro-chile-2026-hidrogeno-thumbnail.png","og:image:width":500,"og:image:height":500,"twitter:card":"summary_large_image","twitter:site":"@i","twitter:title":"Latinoam\u00e9rica ya es verde: Grupo de Acci\u00f3n sobre Hidr\u00f3geno | The Coalition for Human Rights in Development","twitter:description":"p\u00e1gina de Latinoam\u00e9rica ya es verde: Grupo de Acci\u00f3n sobre Hidr\u00f3geno","twitter:creator":"@i","twitter:image":"https:\/\/rightsindevelopment.org\/wp-content\/uploads\/encuentro-chile-2026-hidrogeno-thumbnail.png"},"aioseo_meta_data":{"post_id":"42101","title":null,"description":null,"keywords":null,"keyphrases":{"focus":{"keyphrase":"","score":0,"analysis":{"keyphraseInTitle":{"score":0,"maxScore":9,"error":1}}},"additional":[]},"primary_term":null,"canonical_url":null,"og_title":null,"og_description":null,"og_object_type":"default","og_image_type":"default","og_image_url":null,"og_image_width":null,"og_image_height":null,"og_image_custom_url":null,"og_image_custom_fields":null,"og_video":"","og_custom_url":null,"og_article_section":null,"og_article_tags":null,"twitter_use_og":false,"twitter_card":"default","twitter_image_type":"default","twitter_image_url":null,"twitter_image_custom_url":null,"twitter_image_custom_fields":null,"twitter_title":null,"twitter_description":null,"schema":{"blockGraphs":[],"customGraphs":[],"default":{"data":{"Article":[],"Course":[],"Dataset":[],"FAQPage":[],"Movie":[],"Person":[],"Product":[],"ProductReview":[],"Car":[],"Recipe":[],"Service":[],"SoftwareApplication":[],"WebPage":[]},"graphName":"WebPage","isEnabled":true},"graphs":[]},"schema_type":"default","schema_type_options":null,"pillar_content":false,"robots_default":true,"robots_noindex":false,"robots_noarchive":false,"robots_nosnippet":false,"robots_nofollow":false,"robots_noimageindex":false,"robots_noodp":false,"robots_notranslate":false,"robots_max_snippet":"-1","robots_max_videopreview":"-1","robots_max_imagepreview":"large","priority":null,"frequency":"default","local_seo":null,"breadcrumb_settings":null,"limit_modified_date":false,"ai":{"faqs":[],"keyPoints":[],"schemas":[],"titles":[],"descriptions":[],"socialPosts":{"email":{"subject":"","preview":"","content":""},"linkedin":[],"twitter":[],"facebook":[],"instagram":[]}},"created":"2026-06-15 12:40:56","updated":"2026-08-05 12:16:19","seo_analyzer_scan_date":null},"jetpack_sharing_enabled":true,"_links":{"self":[{"href":"https:\/\/rightsindevelopment.org\/es\/wp-json\/wp\/v2\/pages\/42101","targetHints":{"allow":["GET"]}}],"collection":[{"href":"https:\/\/rightsindevelopment.org\/es\/wp-json\/wp\/v2\/pages"}],"about":[{"href":"https:\/\/rightsindevelopment.org\/es\/wp-json\/wp\/v2\/types\/page"}],"author":[{"embeddable":true,"href":"https:\/\/rightsindevelopment.org\/es\/wp-json\/wp\/v2\/users\/34"}],"replies":[{"embeddable":true,"href":"https:\/\/rightsindevelopment.org\/es\/wp-json\/wp\/v2\/comments?post=42101"}],"version-history":[{"count":30,"href":"https:\/\/rightsindevelopment.org\/es\/wp-json\/wp\/v2\/pages\/42101\/revisions"}],"predecessor-version":[{"id":43840,"href":"https:\/\/rightsindevelopment.org\/es\/wp-json\/wp\/v2\/pages\/42101\/revisions\/43840"}],"wp:featuredmedia":[{"embeddable":true,"href":"https:\/\/rightsindevelopment.org\/es\/wp-json\/wp\/v2\/media\/41963"}],"wp:attachment":[{"href":"https:\/\/rightsindevelopment.org\/es\/wp-json\/wp\/v2\/media?parent=42101"}],"curies":[{"name":"wp","href":"https:\/\/api.w.org\/{rel}","templated":true}]}}